{"id":49,"date":"2016-08-12T16:40:44","date_gmt":"2016-08-12T16:40:44","guid":{"rendered":"http:\/\/volcanoesnight.com\/?page_id=49"},"modified":"2021-09-10T18:07:59","modified_gmt":"2021-09-10T18:07:59","slug":"investigadores","status":"publish","type":"page","link":"https:\/\/volcanoesnight.com\/?page_id=49","title":{"rendered":"Investigadores \u00b7 Researchers"},"content":{"rendered":"<p>[et_pb_section fb_built=\u00bb1&#8243; admin_label=\u00bbsection\u00bb _builder_version=\u00bb3.22&#8243; global_colors_info=\u00bb{}\u00bb][et_pb_row _builder_version=\u00bb3.25&#8243; background_size=\u00bbinitial\u00bb background_position=\u00bbtop_left\u00bb background_repeat=\u00bbrepeat\u00bb global_colors_info=\u00bb{}\u00bb][et_pb_column type=\u00bb4_4&#8243; _builder_version=\u00bb3.25&#8243; custom_padding=\u00bb|||\u00bb global_colors_info=\u00bb{}\u00bb custom_padding__hover=\u00bb|||\u00bb][et_pb_text _builder_version=\u00bb4.10.6&#8243; background_size=\u00bbinitial\u00bb background_position=\u00bbtop_left\u00bb background_repeat=\u00bbrepeat\u00bb hover_enabled=\u00bb0&#8243; use_border_color=\u00bboff\u00bb global_colors_info=\u00bb{}\u00bb sticky_enabled=\u00bb0&#8243;]<\/p>\n<h3>Investigadores y Divulgadores Cient\u00edficos que participan en La Noche Europea de los Volcanes 2021<br \/>Researchers and Science Communicators participating in the 2021 European Volcanoes&#8217; Night<\/h3>\n<ol>\n<li>ALBA MART\u00cdN LORENZO, Instituto Tecnol\u00f3gico y de Energ\u00edas Renovables (ITER), SPAIN<\/li>\n<li>ANA MEIRE FEIJOO, Instituto Volcanol\u00f3gico de Canarias (INVOLCAN), SPAIN<\/li>\n<li>ANTONIO EFF-DARWICH, Universidad de La Laguna (ULL), SPAIN<\/li>\n<li>ANTONIO M\u00c1RQUEZ, Unidad de Helic\u00f3pteros de la Guardia Civil-Zona de Canarias, SPAIN<\/li>\n<li>BEVERLEY C. COLDWELL, Instituto Tecnol\u00f3gico y de Energ\u00edas Renovables (ITER), SPAIN<\/li>\n<li>CARMEN SOLANA, University of Portsmouth, UNITED KINGDOM<\/li>\n<li>CECILIA AMONTE L\u00d3PEZ, Instituto Tecnol\u00f3gico y de Energ\u00edas Renovables (ITER), SPAIN<\/li>\n<li>CLAUDIA RODR\u00cdGUEZ P\u00c9REZ, Instituto Volcanol\u00f3gico de Canarias (INVOLCAN), SPAIN<\/li>\n<li>COSTANZA BONADONNA, University of Geneva, SWITZERLAND<\/li>\n<li>DANIEL HUGO DI NARDO, Instituto Volcanol\u00f3gico de Canarias (INVOLCAN), SPAIN<\/li>\n<li>DAVID CALVO FERN\u00c1NDEZ, Instituto Volcanol\u00f3gico de Canarias (INVOLCAN), SPAIN<\/li>\n<li>DAVID MART\u00cdNEZ VAN DORTH, Instituto Tecnol\u00f3gico y de Energ\u00edas Renovables (ITER), SPAIN<\/li>\n<li>DOMINGO GIMENO, Universitat de Barcelona, SPAIN<\/li>\n<li>ELEAZAR PADR\u00d3N GLEZ, Instituto Tecnol\u00f3gico y de Energ\u00edas Renovables (ITER), SPAIN<\/li>\n<li>ELENA GLEZ. C\u00c1RDENAS, Universidad de Castilla La Mancha (UCLM), SPAIN<\/li>\n<li>ESTELA ESCOBAR LAHOZ, Universidad de Castilla La Mancha (UCLM), SPAIN<\/li>\n<li>F\u00c1TIMA RODR\u00cdGUEZ GARC\u00cdA, Instituto Volcanol\u00f3gico de Canarias (INVOLCAN), SPAIN<\/li>\n<li>F\u00c1TIMA VIVEIROS, Instituto de Investiga\u00e7\u00e3o em Vulcanologia e Avalia\u00e7\u00e3o de Riscos (IVAR), Universidade dos A\u00e7ores, PORTUGAL<\/li>\n<li>FIONA BURNS, Instituto Volcanol\u00f3gico de Canarias (INVOLCAN), SPAIN<\/li>\n<li>FLORIANE CHOURAQUI, Universit\u00e9 de Tours, FRANCE<\/li>\n<li>FRANCISCO JAVIER GONZ\u00c1LEZ SANZ, Instituto Geol\u00f3gico y Minero de Espa\u00f1a (IGME), SPAIN<\/li>\n<li>GERM\u00c1N CERVIG\u00d3N, Instituto Volcanol\u00f3gico de Canarias (INVOLCAN), SPAIN<\/li>\n<li>GERM\u00c1N D. PADILLA HERN\u00c1NDEZ, Instituto Tecnol\u00f3gico y de Energ\u00edas Renovables (ITER), SPAIN<\/li>\n<li>GILDA CURRENTI,\u00a0Istituto Nazionale di Geofisica e Vulcanologia (INGV),\u00a0Sezione di Catania, ITALY<\/li>\n<li>GLADYS v. MELI\u00c1N, Instituto Tecnol\u00f3gico y de Energ\u00edas Renovables (ITER), SPAIN<\/li>\n<li>GUILLERMO CARAVANTES, Instituto Volcanol\u00f3gico de Canarias (INVOLCAN), SPAIN<\/li>\n<li>GUILLERMO RECIO,\u00a0 Instituto Volcanol\u00f3gico de Canarias (INVOLCAN), SPAIN<\/li>\n<li>HENRY GAUDRU, European Volcanological Society, SWITZERLAND<\/li>\n<li>IV\u00c1N CABRERA P\u00c9REZ,\u00a0 Instituto Volcanol\u00f3gico de Canarias (INVOLCAN), SPAIN<\/li>\n<li>JAVIER D\u00d3NIZ P\u00c1EZ, Universidad de La Laguna (ULL), SPAIN<\/li>\n<li>JES\u00daS MART\u00cdNEZ FRIAS, Instituto de Geociencias (IGEO-CSIC), SPAIN<\/li>\n<li>JOANA MEDEIROS, Centro de Informa\u00e7\u00e3o e Vigil\u00e2ncia Sismovulc\u00e2nica dos A\u00e7ores (CIVISA), PORTUGAL<\/li>\n<li>JOS\u00c9 ANTONIO RODRIGUEZ LOSADA, Universidad de La Laguna (ULL), SPAIN<\/li>\n<li>JOS\u00c9 BARRANCOS,\u00a0Instituto Tecnol\u00f3gico y de Energ\u00edas Renovables (ITER), SPAIN<\/li>\n<li>JOSE MADEIRA, Universidade de Lisboa, PORTUGAL<\/li>\n<li>JOS\u00c9 MANUEL SANTANA LE\u00d3N,\u00a0 Instituto Volcanol\u00f3gico de Canarias (INVOLCAN), SPAIN<\/li>\n<li>JOS\u00c9 PACHECO, Instituto de Investiga\u00e7\u00e3o em Vulcanologia e Avalia\u00e7\u00e3o de Riscos (IVAR), Universidade dos A\u00e7ores, PORTUGAL<\/li>\n<li>KONRADIN WEBER, Hochschule D\u00fcsseldorf University of Applied Sciences, GERMANY<\/li>\n<li>LAURA BALDRICH DAN\u00c9S, Museu dels Volcans, Olot, Girona, SPAIN<\/li>\n<li>L\u00cdA PITTI PIMIENTA, Instituto Tecnol\u00f3gico y de Energ\u00edas Renovables (ITER), SPAIN<\/li>\n<li>LUCA D\u2019AURIA, Instituto Tecnol\u00f3gico y de Energ\u00edas Renovables (ITER), SPAIN<\/li>\n<li>LUIS E. HERN\u00c1NDEZ, Gobierno de Canarias, SPAIN<\/li>\n<li>LUIS GONZ\u00c1LEZ DE VALLEJO, Instituto Volcanol\u00f3gico de Canarias, SPAIN<\/li>\n<li>LUIS SOMOZA, Instituto Geol\u00f3gico y Minero de Espa\u00f1a (IGME-CSIC), SPAIN<\/li>\n<li>MAR ALONSO C\u00d3THICO, Instituto Tecnol\u00f3gico y de Energ\u00edas Renovables (ITER), SPAIN<\/li>\n<li>MARCO NERI,\u00a0Istituto Nazionale di Geofisica e Vulcanologia (INGV),\u00a0Sezione di Catania,\u00a0 ITALY<\/li>\n<li>MAR\u00cdA ASENSIO RAMOS, Instituto Volcanol\u00f3gico de Canarias (INVOLCAN), SPAIN<\/li>\n<li>MAR\u00cdA DE LOS ANGELES CORDERO VACA,\u00a0 Instituto Volcanol\u00f3gico de Canarias (INVOLCAN), SPAIN<\/li>\n<li>MAR\u00cdA ELENA GONZ\u00c1LEZ C\u00c1RDENAS, Universidad de Castilla \u2013 La Mancha (UCLM), SPAIN<\/li>\n<li>MARIBEL S\u00c1NCHEZ BONILLA, Universidad de La Laguna (ULL), SPAIN<\/li>\n<li>MATTHEW J. PANKHURST, Instituto Tecnol\u00f3gico y de Energ\u00edas Renovables (ITER), SPAIN<\/li>\n<li>MONIKA PRZEOR, Instituto Tecnol\u00f3gico y de Energ\u00edas Renovables (ITER), SPAIN<\/li>\n<li>NEMESIO M. P\u00c9REZ, Instituto Tecnol\u00f3gico y de Energ\u00edas Renovables (ITER), SPAIN<\/li>\n<li>NUNO CABRAL, Centro de Informa\u00e7\u00e3o e Vigil\u00e2ncia Sismovulc\u00e2nica dos A\u00e7ores (CIVISA), PORTUGAL<\/li>\n<li>PEDRO A. HERN\u00c1NDEZ, Instituto Tecnol\u00f3gico y de Energ\u00edas Renovables (ITER), SPAIN<\/li>\n<li>RAFAEL BECERRA, Universidad de Castilla \u2013 La Mancha (UCLM), SPAIN<\/li>\n<li>RAFAEL U. GOS\u00c1LVEZ, Universidad de Castilla La Mancha (UCLM), SPAIN<\/li>\n<li>RITA CARMO, Centro de Informa\u00e7\u00e3o e Vigil\u00e2ncia Sismovulc\u00e2nica dos A\u00e7ores (CIVISA), PORTUGAL<\/li>\n<li>ROSELLA NAVE, Istituto Nazionale di Geofisica e Vulcanologia (INGV) &#8211; Osservatorio Vesuviano,\u00a0 ITALY<\/li>\n<li>RUBEN GARC\u00cdA HERN\u00c1NDEZ,\u00a0 Instituto Volcanol\u00f3gico de Canarias (INVOLCAN), SPAIN<\/li>\n<li>RUI MARQUES,\u00a0 Centro de Informa\u00e7\u00e3o e Vigil\u00e2ncia Sismovulc\u00e2nica dos A\u00e7ores (CIVISA), PORTUGAL<\/li>\n<li>S\u00c9RGIO OLIVEIRA, Centro de Informa\u00e7\u00e3o e Vigil\u00e2ncia Sismovulc\u00e2nica dos A\u00e7ores (CIVISA), PORTUGAL<\/li>\n<li>SONIA CALVARI, \u00a0Istituto Nazionale di Geofisica e Vulcanologia (INGV),\u00a0Sezione di Catania,\u00a0 ITALY<\/li>\n<li>SPINA CIANETTI,\u00a0Istituto Nazionale di Geofisica e Vulcanologia (INGV),\u00a0Sezione di Pisa,\u00a0 ITALY<\/li>\n<li>SZABOLCS HARANGI, MTA-ELTE Volcanology Research Group, E\u00f6tv\u00f6s University, HUNGARY<\/li>\n<li>VICTOR ORTEGA RAMOS,\u00a0 Instituto Volcanol\u00f3gico de Canarias (INVOLCAN), SPAIN<\/li>\n<li>VICTORIA LEAL MORENO, Instituto Tecnol\u00f3gico y de Energ\u00edas Renovables (ITER), SPAIN<\/li>\n<li>VINCENZA MAIOLINO,\u00a0Istituto Nazionale di Geofisica e Vulcanologia (INGV),\u00a0Sezione di Catania,\u00a0 ITALY<\/li>\n<li>VITTORIO ZANON, Instituto de Investiga\u00e7\u00e3o em Vulcanologia e Avalia\u00e7\u00e3o de Riscos (IVAR), Universidade dos A\u00e7ores, PORTUGAL<\/li>\n<li>WILLIAM HERN\u00c1NDEZ RAMOS,\u00a0 Instituto Volcanol\u00f3gico de Canarias (INVOLCAN), SPAIN<\/li>\n<\/ol>\n<p>[\/et_pb_text][\/et_pb_column][\/et_pb_row][\/et_pb_section]<\/p>\n","protected":false},"excerpt":{"rendered":"<p>Investigadores y Divulgadores Cient\u00edficos que participan en La Noche Europea de los Volcanes 2021Researchers and Science Communicators participating in the 2021 European Volcanoes&#8217; Night ALBA MART\u00cdN LORENZO, Instituto Tecnol\u00f3gico y de Energ\u00edas Renovables (ITER), SPAIN ANA MEIRE FEIJOO, Instituto Volcanol\u00f3gico de Canarias (INVOLCAN), SPAIN ANTONIO EFF-DARWICH, Universidad de La Laguna (ULL), SPAIN ANTONIO M\u00c1RQUEZ, Unidad [&hellip;]<\/p>\n","protected":false},"author":1,"featured_media":0,"parent":0,"menu_order":50,"comment_status":"closed","ping_status":"closed","template":"","meta":{"_et_pb_use_builder":"on","_et_pb_old_content":"<h5>Listado de investigadores participantes en LA NOCHE EUROPEA DE LOS VOLCANES 2016<\/h5><ol><li>AARON PEREZ,\u00a0Instituto Volcanol\u00f3gico de Canarias (INVOLCAN), Espa\u00f1a<\/li><li><a href=\"http:\/\/www.nochedevolcanes.es\/alexander-malyshev-2\/\">ALEXANDER MALYSHEV<\/a>, Academia Rusa de las Ciencias, Rusia<\/li><li>ALFREDO LAINEZ, Cueva del Viento, Tenerife, Espa\u00f1a<\/li><li>ANA ELENA CONCHA, Universidad Nacional de Colombia, Colombia<\/li><li>ANGEL RODRIGUEZ.\u00a0Universidad de Las Palmas de Gran Canaria (ULPGC), Espa\u00f1a<\/li><li><a href=\"http:\/\/www.nochedevolcanes.es\/?page_id=454%20\">\u00c1NGEL SANTANA<\/a>, Universidad de Las Palmas de Gran Canaria (ULPGC), Espa\u00f1a<\/li><li>ANTONIO COSTA, Istituto Nazionale di Geofisica e Vulcanologia (INGV), Italia<\/li><li><a href=\"http:\/\/www.nochedevolcanes.es\/?page_id=92\">ANTONIO EFF-DARWICH,\u00a0<\/a>Universidad de La Laguna (ULL), Espa\u00f1a<\/li><li>ANTONIO M\u00c4RQUEZ, Unidad de Helic\u00f3pteros de la Guardia Civil, Espa\u00f1a<\/li><li><a href=\"http:\/\/www.nochedevolcanes.es\/?page_id=156\">ANTONIO RAMOS,\u00a0<\/a>Universidad de Las Palmas de Gran Canaria (ULL), Espa\u00f1a<\/li><li>ANTONIO RODR\u00cfGUEZ,\u00a0Universidad de La Laguna (ULL), Espa\u00f1a<\/li><li><a href=\"http:\/\/www.nochedevolcanes.es\/bethan-parks\/%20\">BETHAN PARKS<\/a>, Open University, Reino Unido<\/li><li>CARMEN SOLANA, Portsmouth University, Reino Unido<\/li><li>CAYETANO GUILLEN, Universidad de La Laguna (ULL), Espa\u00f1a<\/li><li>CECILIA AMONTE, Instituto Volcanol\u00f3gico de Canarias (INVOLCAN), Espa\u00f1a<\/li><li>CELESTINO GARCIA DE LA NOCEDA, Instituto Geol\u00f3gico y Minero de Espa\u00f1a (IGME), Espa\u00f1a<\/li><li>CHAN RAMSINGH, University of the West Indies, Trinidad & Tobago<\/li><li><a href=\"http:\/\/www.nochedevolcanes.es\/?page_id=463\">CLAUDIO SCARPATI<\/a>, Universit\u00e0 de Napoli Federico II (UNINA), Italia<\/li><li><a href=\"http:\/\/www.nochedevolcanes.es\/?page_id=89\">COSTANZA BONADONNA,\u00a0<\/a>Universidad de Ginebra, Suiza<\/li><li>DAVID CALVO, Instituto Volcanol\u00f3gico de Canarias (INVOLCAN), Espa\u00f1a<\/li><li>DINA L\u00d3PEZ, Ohio University, USA<\/li><li>DOMENICO GRANIERI, Instituto Nacional de Geof\u00edsica y Volcanolog\u00eda (INGV), Italia<\/li><li><a href=\"http:\/\/www.nochedevolcanes.es\/elaine-smid\/%20\">ELAINE SMID<\/a>, University of Auckland, Nueva Zelanda<\/li><li><a href=\"http:\/\/www.nochedevolcanes.es\/?page_id=172%20\">ELEAZAR PADR\u00d3N,\u00a0<\/a>Instituto Tecnol\u00f3gico y de Energ\u00edas Renovables (ITER), Espa\u00f1a<\/li><li>ELENA GONZ\u00c1LEZ C\u00c1RDENAS, Universidad de Castilla La Mancha (UCLM), Espa\u00f1a<\/li><li>EROUSCILLA JOSEPH, University of the West Indies, Trinidad & Tobago<\/li><li><a href=\"http:\/\/www.nochedevolcanes.es\/estela-escobar\/\">ESTELA ESCOBAR LAHOZ<\/a>, Universidad de Castilla La Mancha (UCLM), Espa\u00f1a<\/li><li><a href=\"http:\/\/www.nochedevolcanes.es\/eustaquio-villalba\/\">EUSTAQUIO VILLALBA<\/a>, Instituto Volcanol\u00f3gico de Canarias(INVOLCAN), Espa\u00f1a<\/li><li><a href=\"http:\/\/www.nochedevolcanes.es\/fatima-rodriguez\/\">F\u00c1TIMA RODR\u00cdGUEZ<\/a>, Instituto Volcanol\u00f3gico de Canarias (INVOLCAN), Espa\u00f1a<\/li><li>FERNANDO FR\u00cfAS REIS, Asociaci\u00f3n Alianza Tiburones Canarias, Espa\u00f1a<\/li><li>FRANCESCO STOPPA, Universit\u00e0 degli Studi G.d\u2019Annunzio, Italia<\/li><li><a href=\"http:\/\/www.nochedevolcanes.es\/?page_id=114\">FRANCO TASSI,\u00a0\u00a0<\/a>Universidad de Florencia, Italia<\/li><li><a href=\"http:\/\/www.nochedevolcanes.es\/gary-michelfelder\/\">GARY MICHELFELDER<\/a>, Missouri State University, USA<\/li><li><a href=\"http:\/\/www.nochedevolcanes.es\/german-padilla\/\">GERM\u00c1N PADILLA<\/a>, Instituto Tecnol\u00f3gico y de Energ\u00edas Renovables (ITER), Espa\u00f1a<\/li><li>GHOLAMHOSSEIN BAGHERI, Universidad de Ginebra, Suiza<\/li><li>GIOVANNI CHIODINI, Instituto Nacional de Geof\u00edsica y Volcanolog\u00eda (INGV), Italia<\/li><li>GIOVANNI MACEDONIO, Instituto Nacional de Geof\u00edsica y Volcanolog\u00eda (INGV), Italia<\/li><li><a href=\"http:\/\/www.nochedevolcanes.es\/?page_id=103\">GLADYS MELI\u00c1N,\u00a0<\/a>Instituto tecnol\u00f3gico y de Energ\u00edas Renovables (ITER), Espa\u00f1a<\/li><li><a href=\"http:\/\/www.nochedevolcanes.es\/gustavo-marrero-callico\/\">GUSTAVO MARRERO CALLIC\u00d3<\/a>, Univ. de Las Palmas de Gran Canaria (ULPGC), Espa\u00f1a<\/li><li>IRENE MANZELLA, Universidad de Ginebra, Suiza<\/li><li><a href=\"http:\/\/www.nochedevolcanes.es\/?page_id=100%20\">JAKE LOWESTERN,\u00a0<\/a>Servicio Geol\u00f3gico de Estados Unidos de Am\u00e9rica (USGS), USA<\/li><li>JAN LINDSAY, University of Auckland, Nueva Zelanda<\/li><li><a href=\"http:\/\/www.nochedevolcanes.es\/javier-doniz\/\">JAVIER D\u00d3NIZ<\/a>, Universidad de La Laguna (ULL), Espa\u00f1a<\/li><li>JEREMY PHILLIPS, University of Bristol, Reino Unido<\/li><li><a href=\"http:\/\/www.nochedevolcanes.es\/?page_id=151\">JES\u00daS MART\u00cdNEZ-FR\u00cdAS,\u00a0<\/a>Instituto de Geociencias, UCM-CSIC, Espa\u00f1a<\/li><li><a href=\"http:\/\/www.nochedevolcanes.es\/jose-albert\/\">JOS\u00c9 ALBERT<\/a><a href=\"http:\/\/www.nochedevolcanes.es\/?page_id=151\">,\u00a0<\/a>Instituto Volcanol\u00f3gico de Canarias (INVOLCAN), Espa\u00f1a<\/li><li>JOS\u00c9 A. RODR\u00cdGUEZ LOSADA, Universidad de La Laguna (ULL), Espa\u00f1a<\/li><li><a href=\"http:\/\/www.nochedevolcanes.es\/jose-barrancos\/\">JOS\u00c9 BARRANCOS<\/a>, Instituto Tecnol\u00f3gico y de Energ\u00edas Renovables (ITER), Espa\u00f1a<\/li><li>JOSE MANUEL PEREIRA, Universidade de Cabo Verde, Cabo Verde<\/li><li><a href=\"http:\/\/www.nochedevolcanes.es\/juan-manuel-alfonso\/\">JUAN MANUEL ALFONSO<\/a>, Universidad de Las Palmas de Gran Canaria (ULPGC), Espa\u00f1a<\/li><li><a href=\"http:\/\/www.nochedevolcanes.es\/?page_id=458\">JUAN SANTAMARTA<\/a>, Universidad de La Laguna (ULL), Espa\u00f1a<\/li><li>KENJI NOGAMI, Tokyo Institute of Technology, Jap\u00f3n<\/li><li><a href=\"http:\/\/www.nochedevolcanes.es\/kerry-reid\/%20\">KERRY REID<\/a>, Open University, Reino Unido<\/li><li>KONRADIN WEBER, Universidad de D\u00fcsseldorf, Alemania<\/li><li>LUCA D'AURIA,\u00a0 Instituto Nacional de Geof\u00edsica y Volcanolog\u00eda (INGV), Italia<\/li><li>LUC\u00cdA DOM\u00cdNGUEZ, Universidad de Ginebra, Suiza<\/li><li><a href=\"http:\/\/www.nochedevolcanes.es\/luis-hernandez\/\">LUIS E. HERN\u00c1NDEZ<\/a>,\u00a0 Gobierno de Canarias, Espa\u00f1a<\/li><li><a href=\"http:\/\/www.nochedevolcanes.es\/?page_id=165\">LUIS SOMOZA,\u00a0<\/a>Instituto Geol\u00f3gico y Minero de Espa\u00f1a (IGME), Espa\u00f1a<\/li><li>MAR ALONSO,\u00a0Instituto Volcanol\u00f3gico de Canarias (INVOLCAN), Espa\u00f1a<\/li><li><a href=\"http:\/\/www.nochedevolcanes.es\/maria-asensio\/\">MAR\u00cdA ASENSIO<\/a>, Instituto Volcanol\u00f3gico de Canarias (INVOLCAN), Espa\u00f1a<\/li><li>MARTA GARC\u00cdA,\u00a0Instituto Volcanol\u00f3gico de Canarias (INVOLCAN), Espa\u00f1a<\/li><li><a href=\"http:\/\/www.nochedevolcanes.es\/mariano-agusto\/\" target=\"_blank\">MARIANO AGUSTO<\/a>, Universidad de Buenos Aires (UBA), Argentina<\/li><li><a href=\"http:\/\/www.nochedevolcanes.es\/?page_id=403\">MARIBEL S\u00c1NCHEZ BONILLA<\/a>, Universidad de La Laguna (ULL), Espa\u00f1a<\/li><li>MARIO MARRERO ARENCIBIA, Grupo Ecologista La Vinca, Espa\u00f1a<\/li><li><a href=\"http:\/\/www.nochedevolcanes.es\/mark-harvey\/\">MARK HARVEY<\/a>, University of Auckland, Auckland, Nueva Zelanda<\/li><li>MELCHOR GLEZ. D\u00c1VILA, Universidad de Las Palmas de Gran Canaria (ULPGC), Espa\u00f1a<\/li><li><a href=\"http:\/\/www.nochedevolcanes.es\/?page_id=106%20\">NEMESIO M. P\u00c9REZ,\u00a0<\/a>Instituto Tecnol\u00f3gico y de Energ\u00edas Renovables (ITER), Espa\u00f1a<\/li><li>PABLO GONZ\u00c1LEZ, University of Liverpool, Reino Unido<\/li><li>P\u00c1LL EINARSSON, Institute of Earth Sciences, University of Iceland, Islandia<\/li><li><a href=\"http:\/\/www.nochedevolcanes.es\/?page_id=98%20\">PEDRO A. HERN\u00c1NDEZ,<\/a>\u00a0Instituto Tecnol\u00f3gico y de Energ\u00edas Renovables (ITER), Espa\u00f1a<\/li><li><a href=\"http:\/\/www.nochedevolcanes.es\/pedro-sosa-henriquez\/\">PEDRO SOSA<\/a>, Universidad de Las Palmas de Gran Canaria (ULPGC), Espa\u00f1a<\/li><li><a href=\"http:\/\/www.nochedevolcanes.es\/rafael-becerra\/\">RAFAEL BECERRA<\/a>, Universidad de\u00a0Castilla La Mancha (UCLM),\u00a0Espa\u00f1a<\/li><li><a href=\"http:\/\/www.nochedevolcanes.es\/?page_id=160\">RAFAEL U. GOS\u00c1LVEZ,\u00a0<\/a>Universidad de\u00a0Castilla La Mancha (UCLM),\u00a0Espa\u00f1a<\/li><li>RAM\u00d3N CASILLAS, Universidad de La Laguna (ULL), Espa\u00f1a<\/li><li><a href=\"http:\/\/www.nochedevolcanes.es\/?page_id=184\">RAYCO MARRERO,\u00a0<\/a>Laboratorio Nacional de Energia y Geolog\u00eda (LNEG), Portugal<\/li><li>RENATO SOLIDUM, PHIVOLCS, Filipinas<\/li><li><a href=\"http:\/\/www.nochedevolcanes.es\/rob-watts\/\">ROB WATTS<\/a>, University of the West Indies, St. Augustine, Trinidad & Tobago<\/li><li>ROBERTO QUEVEDO, \u00a0Instituto Volcanol\u00f3gico de Canarias (INVOLCAN), Espa\u00f1a<\/li><li>ROSELLA NAVE,\u00a0Instituto Nacional de Geof\u00edsica y Volcanolog\u00eda (INGV), Italia<\/li><li><a href=\"http:\/\/www.nochedevolcanes.es\/samara-dionis\/%20\">SAMARA DIONIS<\/a>, Instituto Volcanol\u00f3gico de Canarias (INVOLCAN), Espa\u00f1a<\/li><li>SILVIA HERN\u00c1NDEZ, Universidad de La Laguna (ULL), Espa\u00f1a<\/li><li>SONIA CALVARI,\u00a0Instituto Nacional de Geof\u00edsica y Volcanolog\u00eda (INGV), Italia<\/li><li>SONIA SILVA, Universidade de Cabo Verde, Cabo Verde<\/li><li>TAKESHI SAGIYA, Nagoya University, Jap\u00f3n<\/li><li><a href=\"http:\/\/www.nochedevolcanes.es\/?page_id=198\">V\u00cdCTOR H.\u00a0FORJAZ,\u00a0<\/a>Observatorio Volcanol\u00f3gico y Geot\u00e9rmico de Azores (OVGA), Portugal<\/li><\/ol>","_et_gb_content_width":"","footnotes":""},"class_list":["post-49","page","type-page","status-publish","hentry"],"_links":{"self":[{"href":"https:\/\/volcanoesnight.com\/index.php?rest_route=\/wp\/v2\/pages\/49","targetHints":{"allow":["GET"]}}],"collection":[{"href":"https:\/\/volcanoesnight.com\/index.php?rest_route=\/wp\/v2\/pages"}],"about":[{"href":"https:\/\/volcanoesnight.com\/index.php?rest_route=\/wp\/v2\/types\/page"}],"author":[{"embeddable":true,"href":"https:\/\/volcanoesnight.com\/index.php?rest_route=\/wp\/v2\/users\/1"}],"replies":[{"embeddable":true,"href":"https:\/\/volcanoesnight.com\/index.php?rest_route=%2Fwp%2Fv2%2Fcomments&post=49"}],"version-history":[{"count":5,"href":"https:\/\/volcanoesnight.com\/index.php?rest_route=\/wp\/v2\/pages\/49\/revisions"}],"predecessor-version":[{"id":3730,"href":"https:\/\/volcanoesnight.com\/index.php?rest_route=\/wp\/v2\/pages\/49\/revisions\/3730"}],"wp:attachment":[{"href":"https:\/\/volcanoesnight.com\/index.php?rest_route=%2Fwp%2Fv2%2Fmedia&parent=49"}],"curies":[{"name":"wp","href":"https:\/\/api.w.org\/{rel}","templated":true}]}}